{"id":239,"date":"2023-08-07T11:14:44","date_gmt":"2023-08-07T11:14:44","guid":{"rendered":"https:\/\/www.horscategoriegirona.cc\/?page_id=239"},"modified":"2023-08-11T12:18:45","modified_gmt":"2023-08-11T12:18:45","slug":"politica-de-privacidad","status":"publish","type":"page","link":"https:\/\/www.horscategoriegirona.cc\/ca\/politica-de-privacidad\/","title":{"rendered":"Pol\u00edtica de privacidad"},"content":{"rendered":"<style>.elementor-239 .elementor-element.elementor-element-290c6d5b > .elementor-container{max-width:1290px;}.elementor-239 .elementor-element.elementor-element-290c6d5b:not(.elementor-motion-effects-element-type-background), .elementor-239 .elementor-element.elementor-element-290c6d5b > .elementor-motion-effects-container > .elementor-motion-effects-layer{background-image:url(\"https:\/\/www.horscategoriegirona.cc\/wp-content\/uploads\/2023\/08\/2019-05-16-HorsC-380_ok.jpg\");background-position:bottom center;background-repeat:no-repeat;background-size:cover;}.elementor-239 .elementor-element.elementor-element-290c6d5b > .elementor-background-overlay{background-color:transparent;background-image:linear-gradient(90deg, #1B252F8F 53%, #1B252FF7 53%);opacity:1;transition:background 0.3s, border-radius 0.3s, opacity 0.3s;}.elementor-239 .elementor-element.elementor-element-290c6d5b{transition:background 0.3s, border 0.3s, border-radius 0.3s, box-shadow 0.3s;padding:300px 0px 200px 0px;}.elementor-239 .elementor-element.elementor-element-290c6d5b > .elementor-shape-bottom svg{width:calc(120% + 1.3px);height:120px;transform:translateX(-50%) rotateY(180deg);}.elementor-239 .elementor-element.elementor-element-16e8cfb4 > .elementor-element-populated{transition:background 0.3s, border 0.3s, border-radius 0.3s, box-shadow 0.3s;}.elementor-239 .elementor-element.elementor-element-16e8cfb4 > .elementor-element-populated > .elementor-background-overlay{transition:background 0.3s, border-radius 0.3s, opacity 0.3s;}.elementor-239 .elementor-element.elementor-element-78fc76ba{text-align:end;}.elementor-239 .elementor-element.elementor-element-78fc76ba .elementor-heading-title{font-family:\"Archivo Black\", Sans-serif;font-size:56px;font-weight:400;text-transform:uppercase;font-style:italic;line-height:1em;color:#FFFFFF;}.elementor-239 .elementor-element.elementor-element-6af3b322 > .elementor-container{max-width:1290px;}.elementor-239 .elementor-element.elementor-element-6af3b322 > .elementor-container > .elementor-column > .elementor-widget-wrap{align-content:center;align-items:center;}.elementor-239 .elementor-element.elementor-element-6af3b322{padding:120px 0px 120px 0px;}.elementor-bc-flex-widget .elementor-239 .elementor-element.elementor-element-3879ca5f.elementor-column .elementor-widget-wrap{align-items:center;}.elementor-239 .elementor-element.elementor-element-3879ca5f.elementor-column.elementor-element[data-element_type=\"column\"] > .elementor-widget-wrap.elementor-element-populated{align-content:center;align-items:center;}.elementor-239 .elementor-element.elementor-element-3879ca5f > .elementor-element-populated{margin:0px 0px 0px 60px;--e-column-margin-right:0px;--e-column-margin-left:60px;}@media(max-width:1024px) and (min-width:768px){.elementor-239 .elementor-element.elementor-element-3879ca5f{width:100%;}}@media(max-width:1024px){.elementor-239 .elementor-element.elementor-element-290c6d5b > .elementor-shape-bottom svg{width:calc(150% + 1.3px);height:120px;}.elementor-239 .elementor-element.elementor-element-290c6d5b{padding:270px 10px 150px 10px;}.elementor-239 .elementor-element.elementor-element-78fc76ba .elementor-heading-title{font-size:46px;}.elementor-239 .elementor-element.elementor-element-6af3b322{padding:80px 10px 80px 10px;}.elementor-239 .elementor-element.elementor-element-3879ca5f > .elementor-element-populated{margin:40px 1px 0px 0px;--e-column-margin-right:1px;--e-column-margin-left:0px;}}@media(max-width:767px){.elementor-239 .elementor-element.elementor-element-290c6d5b:not(.elementor-motion-effects-element-type-background), .elementor-239 .elementor-element.elementor-element-290c6d5b > .elementor-motion-effects-container > .elementor-motion-effects-layer{background-position:center center;}.elementor-239 .elementor-element.elementor-element-290c6d5b > .elementor-shape-bottom svg{height:100px;}.elementor-239 .elementor-element.elementor-element-290c6d5b{padding:200px 5px 150px 5px;}.elementor-239 .elementor-element.elementor-element-78fc76ba{text-align:center;}.elementor-239 .elementor-element.elementor-element-78fc76ba .elementor-heading-title{font-size:30px;}.elementor-239 .elementor-element.elementor-element-6af3b322{padding:50px 5px 50px 5px;}.elementor-239 .elementor-element.elementor-element-3879ca5f > .elementor-element-populated{margin:0px 0px 0px 0px;--e-column-margin-right:0px;--e-column-margin-left:0px;}.elementor-239 .elementor-element.elementor-element-35fad26{text-align:justify;}}<\/style>\t\t<div data-elementor-type=\"wp-page\" data-elementor-id=\"239\" class=\"elementor elementor-239\" data-elementor-post-type=\"page\">\n\t\t\t\t\t\t<section class=\"elementor-section elementor-top-section elementor-element elementor-element-290c6d5b elementor-reverse-tablet elementor-reverse-mobile elementor-section-boxed elementor-section-height-default elementor-section-height-default\" data-id=\"290c6d5b\" data-element_type=\"section\" data-e-type=\"section\" data-settings=\"{&quot;background_background&quot;:&quot;classic&quot;,&quot;shape_divider_bottom&quot;:&quot;pyramids&quot;,&quot;shape_divider_bottom_negative&quot;:&quot;yes&quot;}\">\n\t\t\t\t\t\t\t<div class=\"elementor-background-overlay\"><\/div>\n\t\t\t\t\t\t<div class=\"elementor-shape elementor-shape-bottom\" aria-hidden=\"true\" data-negative=\"true\">\n\t\t\t<svg xmlns=\"http:\/\/www.w3.org\/2000\/svg\" viewBox=\"0 0 1000 100\" preserveAspectRatio=\"none\">\n\t<path class=\"elementor-shape-fill\" d=\"M761.9,40.6L643.1,24L333.9,93.8L0.1,1H0v99h1000V1\"\/>\n<\/svg>\t\t<\/div>\n\t\t\t\t\t<div class=\"elementor-container elementor-column-gap-default\">\n\t\t\t\t\t<div class=\"elementor-column elementor-col-100 elementor-top-column elementor-element elementor-element-16e8cfb4\" data-id=\"16e8cfb4\" data-element_type=\"column\" data-e-type=\"column\" data-settings=\"{&quot;background_background&quot;:&quot;classic&quot;}\">\n\t\t\t<div class=\"elementor-widget-wrap elementor-element-populated\">\n\t\t\t\t\t\t\t<\/div>\n\t\t<\/div>\n\t\t\t\t\t<\/div>\n\t\t<\/section>\n\t\t\t\t<section class=\"elementor-section elementor-top-section elementor-element elementor-element-6af3b322 elementor-section-content-middle elementor-section-boxed elementor-section-height-default elementor-section-height-default\" data-id=\"6af3b322\" data-element_type=\"section\" data-e-type=\"section\">\n\t\t\t\t\t\t<div class=\"elementor-container elementor-column-gap-default\">\n\t\t\t\t\t<div class=\"elementor-column elementor-col-100 elementor-top-column elementor-element elementor-element-3879ca5f\" data-id=\"3879ca5f\" data-element_type=\"column\" data-e-type=\"column\">\n\t\t\t<div class=\"elementor-widget-wrap elementor-element-populated\">\n\t\t\t\t\t\t<div class=\"elementor-element elementor-element-35fad26 elementor-widget elementor-widget-text-editor\" data-id=\"35fad26\" data-element_type=\"widget\" data-e-type=\"widget\" data-widget_type=\"text-editor.default\">\n\t\t\t\t<div class=\"elementor-widget-container\">\n\t\t\t\t\t\t\t\t\t<div>Le informamos que los datos personales de nuestros clientes ser\u00e1n tratados de conformidad con los principios de transparencia, limitaci\u00f3n de la finalidad, minimizaci\u00f3n de datos, exactitud, integridad y confidencialidad, as\u00ed como respetando el resto de obligaciones y garant\u00edas establecidas en el Reglamento (UE) 2016\/679 del Parlamento Europeo y del Consejo de 27 de abril de 2016 relativo a la protecci\u00f3n de las personas f\u00edsicas en lo que respecta al tratamiento de datos personales y a la libre circulaci\u00f3n de estos datos.<\/div><div>\u00a0<\/div><div>A fin de cumplir con el mencionado Reglamento, hemos actualizado nuestra Pol\u00edtica de Privacidad:<\/div><div>\u00a0<\/div><div><strong>Responsable:<\/strong> <strong>HC BIKE-COFFE SL<\/strong> con <strong>CIF B55331813<\/strong><\/div><div>\u00a0<\/div><div><strong>Finalidad del tratamiento:<\/strong>\u00a0tratamos la informaci\u00f3n que nos facilita con el fin de prestarles el servicio solicitado y enviarles comunicaciones relativas al contenido de nuestros productos y servicios.<\/div><div>\u00a0<\/div><div><strong>Procedencia y categor\u00eda de datos tratados:<\/strong>\u00a0los datos personales que trataremos son sus datos identificativos que usted nos facilite a trav\u00e9s del formulario de registro que encontrar\u00e1 en nuestro sitio web.<\/div><div>\u00a0<\/div><div><strong>Tiempo de conservaci\u00f3n:<\/strong>\u00a0los datos proporcionados se conservar\u00e1n mientras se mantenga la relaci\u00f3n comercial o durante los a\u00f1os necesarios para cumplir con las obligaciones legales.<\/div><div>\u00a0<\/div><div><strong>Legitimaci\u00f3n:<\/strong>\u00a0tratamos sus datos s\u00f3lo si contamos con su consentimiento expreso e informado para hacerlo, y siempre conforme a las finalidades descritas.<\/div><div>\u00a0<\/div><div><strong>Destinatarios:<\/strong>\u00a0los datos que usted nos facilite no se ceder\u00e1n a terceros salvo en los casos en que exista una obligaci\u00f3n legal.<\/div><div>\u00a0<\/div><div>Si bien, para llevar a cabo determinadas funciones necesarias para la prestaci\u00f3n del servicio, sus datos pueden ser tratados por terceros que actuar\u00e1n como encargados de tratamiento y que estar\u00e1n obligados contractualmente a cumplir con sus obligaciones legales de encargado de tratamiento, a mantener la confidencialidad y secreto de la informaci\u00f3n.<\/div><div>\u00a0<\/div><div><strong>Derechos:<\/strong>\u00a0usted es titular de los siguientes derechos sobre sus datos de car\u00e1cter personal:<\/div><div>\u00a0<\/div><div>\u00a0<\/div><div>\u00a0<\/div><ul><li>Derecho a solicitar el acceso a los datos personales.<\/li><li>Derecho a solicitar su rectificaci\u00f3n o supresi\u00f3n.<\/li><li>Derecho a solicitar la limitaci\u00f3n u oposici\u00f3n de su tratamiento.<\/li><li>Revocaci\u00f3n del consentimiento prestado.<\/li><li>Derecho a la portabilidad de sus datos<\/li><\/ul><div>\u00a0<\/div><div>\u00a0<\/div><div>Para el ejercicio de los derechos deber\u00e1 dirigirnos una comunicaci\u00f3n escrita a trav\u00e9s de correo electr\u00f3nico a la direcci\u00f3n <a href=\"mailto:info@horscategoriegirona.cc\">info@horscategoriegirona.cc<\/a> especificando el derecho que desea ejercitar.<\/div><div>\u00a0<\/div><div>Asimismo, le informamos que puede usted solicitar la tutela de sus derechos ante la Agencia Espa\u00f1ola de Protecci\u00f3n de Datos con sede en la Calle de Jorge Juan, 6, 28001 Madrid.<\/div>\t\t\t\t\t\t\t\t<\/div>\n\t\t\t\t<\/div>\n\t\t\t\t\t<\/div>\n\t\t<\/div>\n\t\t\t\t\t<\/div>\n\t\t<\/section>\n\t\t\t\t<\/div>\n\t\t","protected":false},"excerpt":{"rendered":"<p>Le informamos que los datos personales de nuestros clientes ser\u00e1n tratados de conformidad con los principios de transparencia, limitaci\u00f3n de la finalidad, minimizaci\u00f3n de datos, exactitud, integridad y confidencialidad, as\u00ed como respetando el resto de obligaciones y garant\u00edas establecidas en el Reglamento (UE) 2016\/679 del Parlamento Europeo y del Consejo de 27 de abril de&hellip;&nbsp;<\/p>","protected":false},"author":1,"featured_media":0,"parent":0,"menu_order":0,"comment_status":"closed","ping_status":"closed","template":"page-templates\/template-pagebuilder-full-width.php","meta":{"neve_meta_sidebar":"","neve_meta_container":"","neve_meta_enable_content_width":"off","neve_meta_content_width":100,"neve_meta_title_alignment":"","neve_meta_author_avatar":"","neve_post_elements_order":"","neve_meta_disable_header":"","neve_meta_disable_footer":"","neve_meta_disable_title":"","footnotes":""},"class_list":["post-239","page","type-page","status-publish","hentry"],"yoast_head":"<!-- This site is optimized with the Yoast SEO plugin v27.1.1 - https:\/\/yoast.com\/product\/yoast-seo-wordpress\/ -->\n<title>Pol\u00edtica de privacidad - Hors Cat\u00e9gorie | Cafeter\u00eda de comida sana, caf\u00e9 y ciclismo en Girona<\/title>\n<meta name=\"robots\" content=\"index, follow, max-snippet:-1, max-image-preview:large, max-video-preview:-1\" \/>\n<link rel=\"canonical\" href=\"https:\/\/www.horscategoriegirona.cc\/ca\/politica-de-privacidad\/\" \/>\n<meta property=\"og:locale\" content=\"ca_ES\" \/>\n<meta property=\"og:type\" content=\"article\" \/>\n<meta property=\"og:title\" content=\"Pol\u00edtica de privacidad - Hors Cat\u00e9gorie | Cafeter\u00eda de comida sana, caf\u00e9 y ciclismo en Girona\" \/>\n<meta property=\"og:description\" content=\"Le informamos que los datos personales de nuestros clientes ser\u00e1n tratados de conformidad con los principios de transparencia, limitaci\u00f3n de la finalidad, minimizaci\u00f3n de datos, exactitud, integridad y confidencialidad, as\u00ed como respetando el resto de obligaciones y garant\u00edas establecidas en el Reglamento (UE) 2016\/679 del Parlamento Europeo y del Consejo de 27 de abril de&hellip;&nbsp;\" \/>\n<meta property=\"og:url\" content=\"https:\/\/www.horscategoriegirona.cc\/ca\/politica-de-privacidad\/\" \/>\n<meta property=\"og:site_name\" content=\"Hors Cat\u00e9gorie | Cafeter\u00eda de comida sana, caf\u00e9 y ciclismo en Girona\" \/>\n<meta property=\"article:modified_time\" content=\"2023-08-11T12:18:45+00:00\" \/>\n<meta name=\"twitter:card\" content=\"summary_large_image\" \/>\n<meta name=\"twitter:label1\" content=\"Temps estimat de lectura\" \/>\n\t<meta name=\"twitter:data1\" content=\"2 minuts\" \/>\n<script type=\"application\/ld+json\" class=\"yoast-schema-graph\">{\"@context\":\"https:\/\/schema.org\",\"@graph\":[{\"@type\":\"WebPage\",\"@id\":\"https:\/\/www.horscategoriegirona.cc\/politica-de-privacidad\/\",\"url\":\"https:\/\/www.horscategoriegirona.cc\/politica-de-privacidad\/\",\"name\":\"Pol\u00edtica de privacidad - Hors Cat\u00e9gorie | Cafeter\u00eda de comida sana, caf\u00e9 y ciclismo en Girona\",\"isPartOf\":{\"@id\":\"https:\/\/www.horscategoriegirona.cc\/#website\"},\"datePublished\":\"2023-08-07T11:14:44+00:00\",\"dateModified\":\"2023-08-11T12:18:45+00:00\",\"breadcrumb\":{\"@id\":\"https:\/\/www.horscategoriegirona.cc\/politica-de-privacidad\/#breadcrumb\"},\"inLanguage\":\"ca\",\"potentialAction\":[{\"@type\":\"ReadAction\",\"target\":[\"https:\/\/www.horscategoriegirona.cc\/politica-de-privacidad\/\"]}]},{\"@type\":\"BreadcrumbList\",\"@id\":\"https:\/\/www.horscategoriegirona.cc\/politica-de-privacidad\/#breadcrumb\",\"itemListElement\":[{\"@type\":\"ListItem\",\"position\":1,\"name\":\"Portada\",\"item\":\"https:\/\/www.horscategoriegirona.cc\/\"},{\"@type\":\"ListItem\",\"position\":2,\"name\":\"Pol\u00edtica de privacidad\"}]},{\"@type\":\"WebSite\",\"@id\":\"https:\/\/www.horscategoriegirona.cc\/#website\",\"url\":\"https:\/\/www.horscategoriegirona.cc\/\",\"name\":\"Hors Cat\u00e9gorie | Cafeter\u00eda de comida sana, caf\u00e9 y ciclismo en Girona\",\"description\":\"Hors Cat\u00e9gorie es la cafeter\u00eda de Girona con los mejores platos de comida saludable, caf\u00e9 de especialidad, cerveza artesanal y complementos de ciclismo.\",\"potentialAction\":[{\"@type\":\"SearchAction\",\"target\":{\"@type\":\"EntryPoint\",\"urlTemplate\":\"https:\/\/www.horscategoriegirona.cc\/?s={search_term_string}\"},\"query-input\":{\"@type\":\"PropertyValueSpecification\",\"valueRequired\":true,\"valueName\":\"search_term_string\"}}],\"inLanguage\":\"ca\"}]}<\/script>\n<!-- \/ Yoast SEO plugin. -->","yoast_head_json":{"title":"Pol\u00edtica de privacidad - Hors Cat\u00e9gorie | Cafeter\u00eda de comida sana, caf\u00e9 y ciclismo en Girona","robots":{"index":"index","follow":"follow","max-snippet":"max-snippet:-1","max-image-preview":"max-image-preview:large","max-video-preview":"max-video-preview:-1"},"canonical":"https:\/\/www.horscategoriegirona.cc\/ca\/politica-de-privacidad\/","og_locale":"ca_ES","og_type":"article","og_title":"Pol\u00edtica de privacidad - Hors Cat\u00e9gorie | Cafeter\u00eda de comida sana, caf\u00e9 y ciclismo en Girona","og_description":"Le informamos que los datos personales de nuestros clientes ser\u00e1n tratados de conformidad con los principios de transparencia, limitaci\u00f3n de la finalidad, minimizaci\u00f3n de datos, exactitud, integridad y confidencialidad, as\u00ed como respetando el resto de obligaciones y garant\u00edas establecidas en el Reglamento (UE) 2016\/679 del Parlamento Europeo y del Consejo de 27 de abril de&hellip;&nbsp;","og_url":"https:\/\/www.horscategoriegirona.cc\/ca\/politica-de-privacidad\/","og_site_name":"Hors Cat\u00e9gorie | Cafeter\u00eda de comida sana, caf\u00e9 y ciclismo en Girona","article_modified_time":"2023-08-11T12:18:45+00:00","twitter_card":"summary_large_image","twitter_misc":{"Temps estimat de lectura":"2 minuts"},"schema":{"@context":"https:\/\/schema.org","@graph":[{"@type":"WebPage","@id":"https:\/\/www.horscategoriegirona.cc\/politica-de-privacidad\/","url":"https:\/\/www.horscategoriegirona.cc\/politica-de-privacidad\/","name":"Pol\u00edtica de privacidad - Hors Cat\u00e9gorie | Cafeter\u00eda de comida sana, caf\u00e9 y ciclismo en Girona","isPartOf":{"@id":"https:\/\/www.horscategoriegirona.cc\/#website"},"datePublished":"2023-08-07T11:14:44+00:00","dateModified":"2023-08-11T12:18:45+00:00","breadcrumb":{"@id":"https:\/\/www.horscategoriegirona.cc\/politica-de-privacidad\/#breadcrumb"},"inLanguage":"ca","potentialAction":[{"@type":"ReadAction","target":["https:\/\/www.horscategoriegirona.cc\/politica-de-privacidad\/"]}]},{"@type":"BreadcrumbList","@id":"https:\/\/www.horscategoriegirona.cc\/politica-de-privacidad\/#breadcrumb","itemListElement":[{"@type":"ListItem","position":1,"name":"Portada","item":"https:\/\/www.horscategoriegirona.cc\/"},{"@type":"ListItem","position":2,"name":"Pol\u00edtica de privacidad"}]},{"@type":"WebSite","@id":"https:\/\/www.horscategoriegirona.cc\/#website","url":"https:\/\/www.horscategoriegirona.cc\/","name":"Hors Cat\u00e9gorie | Cafeter\u00eda de comida sana, caf\u00e9 y ciclismo en Girona","description":"Hors Cat\u00e9gorie es la cafeter\u00eda de Girona con los mejores platos de comida saludable, caf\u00e9 de especialidad, cerveza artesanal y complementos de ciclismo.","potentialAction":[{"@type":"SearchAction","target":{"@type":"EntryPoint","urlTemplate":"https:\/\/www.horscategoriegirona.cc\/?s={search_term_string}"},"query-input":{"@type":"PropertyValueSpecification","valueRequired":true,"valueName":"search_term_string"}}],"inLanguage":"ca"}]}},"_links":{"self":[{"href":"https:\/\/www.horscategoriegirona.cc\/ca\/wp-json\/wp\/v2\/pages\/239","targetHints":{"allow":["GET"]}}],"collection":[{"href":"https:\/\/www.horscategoriegirona.cc\/ca\/wp-json\/wp\/v2\/pages"}],"about":[{"href":"https:\/\/www.horscategoriegirona.cc\/ca\/wp-json\/wp\/v2\/types\/page"}],"author":[{"embeddable":true,"href":"https:\/\/www.horscategoriegirona.cc\/ca\/wp-json\/wp\/v2\/users\/1"}],"replies":[{"embeddable":true,"href":"https:\/\/www.horscategoriegirona.cc\/ca\/wp-json\/wp\/v2\/comments?post=239"}],"version-history":[{"count":11,"href":"https:\/\/www.horscategoriegirona.cc\/ca\/wp-json\/wp\/v2\/pages\/239\/revisions"}],"predecessor-version":[{"id":431,"href":"https:\/\/www.horscategoriegirona.cc\/ca\/wp-json\/wp\/v2\/pages\/239\/revisions\/431"}],"wp:attachment":[{"href":"https:\/\/www.horscategoriegirona.cc\/ca\/wp-json\/wp\/v2\/media?parent=239"}],"curies":[{"name":"wp","href":"https:\/\/api.w.org\/{rel}","templated":true}]}}